{"id":1134,"date":"2016-04-11T13:43:06","date_gmt":"2016-04-11T13:43:06","guid":{"rendered":"https:\/\/www.napromedica.pl\/en\/personel\/"},"modified":"2023-02-06T14:14:47","modified_gmt":"2023-02-06T14:14:47","slug":"staff","status":"publish","type":"page","link":"https:\/\/www.napromedica.pl\/en\/staff\/","title":{"rendered":"Staff"},"content":{"rendered":"<section class=\"av_textblock_section\"  itemscope=\"itemscope\" itemtype=\"https:\/\/schema.org\/CreativeWork\" ><div class='avia_textblock '   itemprop=\"text\" ><p><b>Lekarze specjali\u015bci po\u0142o\u017cnictwa i ginekologii<\/b><\/p>\n<\/div><\/section>\n\n\n<div class=\"flex_column av_one_fourth  flex_column_div av-zero-column-padding first  \" style='border-radius:0px; '><section class=\"av_textblock_section\"  itemscope=\"itemscope\" itemtype=\"https:\/\/schema.org\/CreativeWork\" ><div class='avia_textblock '   itemprop=\"text\" ><p style=\"text-align: left;\">lek. med. Tadeusz Wasilewski &#8211; specjalista po\u0142o\u017cnictwa i ginekologii, specjalista naprotechnologii<\/p>\n<\/div><\/section><\/div>\n\n\n<div class=\"flex_column av_three_fourth  flex_column_div av-zero-column-padding   \" style='border-radius:0px; '><div class='avia-image-container  av-styling-   avia-align-left '  itemscope=\"itemscope\" itemtype=\"https:\/\/schema.org\/ImageObject\"  ><div class='avia-image-container-inner'><img class='avia_image ' src='https:\/\/www.napromedica.pl\/wp-content\/uploads\/2016\/08\/Wasilewski-Tadeusz-300x200.jpg' alt='' title=''   itemprop=\"contentURL\"  \/><\/div><\/div><\/div>\n\n\n<div class=\"flex_column av_one_fourth  flex_column_div av-zero-column-padding first  \" style='border-radius:0px; '><section class=\"av_textblock_section\"  itemscope=\"itemscope\" itemtype=\"https:\/\/schema.org\/CreativeWork\" ><div class='avia_textblock '   itemprop=\"text\" ><p style=\"text-align: left;\">dr hab. n. med. Jolanta Wasilewska \u2013 specjalista chor\u00f3b dzieci, alergolog, dietetyk kliniczny, specjalista naprotechnologii<\/p>\n<\/div><\/section><\/div>\n\n\n<div class=\"flex_column av_three_fourth  flex_column_div av-zero-column-padding   \" style='border-radius:0px; '><div class='avia-image-container  av-styling-   avia-align-left '  itemscope=\"itemscope\" itemtype=\"https:\/\/schema.org\/ImageObject\"  ><div class='avia-image-container-inner'><img class='avia_image ' src='https:\/\/www.napromedica.pl\/wp-content\/uploads\/2016\/04\/Jolanta-Wasilewska-300x169.jpg' alt='' title='Jolanta Wasilewska'   itemprop=\"contentURL\"  \/><\/div><\/div><\/div>\n\n\n<div class=\"flex_column av_one_fourth  flex_column_div av-zero-column-padding first  \" style='border-radius:0px; '><section class=\"av_textblock_section\"  itemscope=\"itemscope\" itemtype=\"https:\/\/schema.org\/CreativeWork\" ><div class='avia_textblock '   itemprop=\"text\" ><p>lek. med. Karolina Siemienowicz &#8211; specjalista medycyny rodzinnej, specjalista naprotechnologii<\/p>\n<\/div><\/section><\/div>\n\n\n<div class=\"flex_column av_three_fourth  flex_column_div av-zero-column-padding   \" style='border-radius:0px; '><div class='avia-image-container  av-styling-   avia-align-left '  itemscope=\"itemscope\" itemtype=\"https:\/\/schema.org\/ImageObject\"  ><div class='avia-image-container-inner'><img class='avia_image ' src='https:\/\/www.napromedica.pl\/wp-content\/uploads\/2016\/04\/kAROLINA-300x200.jpg' alt='' title=''   itemprop=\"contentURL\"  \/><\/div><\/div><\/div>\n\n\n<div class=\"flex_column av_one_fourth  flex_column_div av-zero-column-padding first  \" style='border-radius:0px; '><section class=\"av_textblock_section\"  itemscope=\"itemscope\" itemtype=\"https:\/\/schema.org\/CreativeWork\" ><div class='avia_textblock '   itemprop=\"text\" ><p>lek. med. Micha\u0142 Choma\u0144ski &#8211; specjalista po\u0142o\u017cnictwa i ginekologii<\/p>\n<\/div><\/section><\/div>\n\n\n<div class=\"flex_column av_three_fourth  flex_column_div av-zero-column-padding   \" style='border-radius:0px; '><div class='avia-image-container  av-styling-   avia-align-left '  itemscope=\"itemscope\" itemtype=\"https:\/\/schema.org\/ImageObject\"  ><div class='avia-image-container-inner'><img class='avia_image ' src='https:\/\/www.napromedica.pl\/wp-content\/uploads\/2016\/08\/Choma\u0144ski-Micha\u0142-300x200.jpg' alt='' title=''   itemprop=\"contentURL\"  \/><\/div><\/div><\/div>\n\n\n<div class=\"flex_column av_one_fourth  flex_column_div av-zero-column-padding first  \" style='border-radius:0px; '><section class=\"av_textblock_section\"  itemscope=\"itemscope\" itemtype=\"https:\/\/schema.org\/CreativeWork\" ><div class='avia_textblock '   itemprop=\"text\" ><p>dr n. med. Maria \u0141azewska &#8211; specjalista po\u0142o\u017cnictwa i ginekologii<\/p>\n<\/div><\/section><\/div>\n\n\n<div class=\"flex_column av_three_fourth  flex_column_div av-zero-column-padding   \" style='border-radius:0px; '><div class='avia-image-container  av-styling-   avia-align-left '  itemscope=\"itemscope\" itemtype=\"https:\/\/schema.org\/ImageObject\"  ><div class='avia-image-container-inner'><img class='avia_image ' src='https:\/\/www.napromedica.pl\/wp-content\/uploads\/2016\/08\/\u0141azewska-Maria-300x200.jpg' alt='' title=''   itemprop=\"contentURL\"  \/><\/div><\/div><\/div>\n\n\n<div class=\"flex_column av_one_fourth  flex_column_div av-zero-column-padding first  \" style='border-radius:0px; '><section class=\"av_textblock_section\"  itemscope=\"itemscope\" itemtype=\"https:\/\/schema.org\/CreativeWork\" ><div class='avia_textblock '   itemprop=\"text\" ><p>lek. med. Jolanta Soszka &#8211; specjalista po\u0142o\u017cnictwa i ginekologii<\/p>\n<\/div><\/section><\/div>\n\n\n<div class=\"flex_column av_three_fourth  flex_column_div av-zero-column-padding   \" style='border-radius:0px; '><div class='avia-image-container  av-styling-   avia-align-left '  itemscope=\"itemscope\" itemtype=\"https:\/\/schema.org\/ImageObject\"  ><div class='avia-image-container-inner'><img class='avia_image ' src='https:\/\/www.napromedica.pl\/wp-content\/uploads\/2016\/08\/Soszka-Jolanta-300x200.jpg' alt='' title=''   itemprop=\"contentURL\"  \/><\/div><\/div><\/div>\n\n\n<div class=\"flex_column av_one_fourth  flex_column_div av-zero-column-padding first  \" style='border-radius:0px; '><section class=\"av_textblock_section\"  itemscope=\"itemscope\" itemtype=\"https:\/\/schema.org\/CreativeWork\" ><div class='avia_textblock '   itemprop=\"text\" ><p>lek. med. Miros\u0142aw Kolada &#8211; specjalista po\u0142o\u017cnictwa i ginekologii<\/p>\n<\/div><\/section><\/div>\n\n\n<div class=\"flex_column av_three_fourth  flex_column_div av-zero-column-padding   \" style='border-radius:0px; '><div class='avia-image-container  av-styling-   avia-align-left '  itemscope=\"itemscope\" itemtype=\"https:\/\/schema.org\/ImageObject\"  ><div class='avia-image-container-inner'><img class='avia_image ' src='https:\/\/www.napromedica.pl\/wp-content\/uploads\/2016\/08\/Kolada-Miros\u0142aw-300x225.jpg' alt='' title=''   itemprop=\"contentURL\"  \/><\/div><\/div><\/div>\n\n\n<div class=\"flex_column av_three_fourth  flex_column_div av-zero-column-padding   \" style='border-radius:0px; '><\/div>\n\n\n<div  class='hr hr-default '><span class='hr-inner ' ><span class='hr-inner-style'><\/span><\/span><\/div>\n\n\n<section class=\"av_textblock_section\"  itemscope=\"itemscope\" itemtype=\"https:\/\/schema.org\/CreativeWork\" ><div class='avia_textblock '   itemprop=\"text\" ><p><strong>Laboratorium<\/strong><\/p>\n<\/div><\/section>\n\n\n<div class=\"flex_column av_one_fourth  flex_column_div av-zero-column-padding first  \" style='border-radius:0px; '><section class=\"av_textblock_section\"  itemscope=\"itemscope\" itemtype=\"https:\/\/schema.org\/CreativeWork\" ><div class='avia_textblock '   itemprop=\"text\" ><p>mgr Emilia \u0141uckiewicz &#8211; specjalista laboratoryjnej diagnostyki medycznej<\/p>\n<\/div><\/section><\/div>\n\n\n<div class=\"flex_column av_three_fourth  flex_column_div av-zero-column-padding   \" style='border-radius:0px; '><div class='avia-image-container  av-styling-   avia-align-left '  itemscope=\"itemscope\" itemtype=\"https:\/\/schema.org\/ImageObject\"  ><div class='avia-image-container-inner'><img class='avia_image ' src='https:\/\/www.napromedica.pl\/wp-content\/uploads\/2016\/08\/\u0141uckiewicz-Emilia-300x169.jpg' alt='' title=''   itemprop=\"contentURL\"  \/><\/div><\/div><\/div>\n\n\n<div  class='hr hr-default '><span class='hr-inner ' ><span class='hr-inner-style'><\/span><\/span><\/div>\n\n\n<section class=\"av_textblock_section\"  itemscope=\"itemscope\" itemtype=\"https:\/\/schema.org\/CreativeWork\" ><div class='avia_textblock '   itemprop=\"text\" ><p><b>Instruktorki Modelu Creightona<\/b><\/p>\n<\/div><\/section>\n\n\n<div class=\"flex_column av_one_fourth  flex_column_div av-zero-column-padding first  \" style='border-radius:0px; '><section class=\"av_textblock_section\"  itemscope=\"itemscope\" itemtype=\"https:\/\/schema.org\/CreativeWork\" ><div class='avia_textblock '   itemprop=\"text\" ><p><span style=\"font-weight: 400;\">mgr Agnieszka Ostrowska<\/span><\/p>\n<\/div><\/section><\/div>\n\n\n<div class=\"flex_column av_three_fourth  flex_column_div av-zero-column-padding   \" style='border-radius:0px; '><div class='avia-image-container  av-styling-   avia-align-left '  itemscope=\"itemscope\" itemtype=\"https:\/\/schema.org\/ImageObject\"  ><div class='avia-image-container-inner'><img class='avia_image ' src='https:\/\/www.napromedica.pl\/wp-content\/uploads\/2016\/08\/Ostrowska-Agnieszka-300x200.jpg' alt='' title=''   itemprop=\"contentURL\"  \/><\/div><\/div><\/div>\n\n\n<div class=\"flex_column av_one_fourth  flex_column_div av-zero-column-padding first  \" style='border-radius:0px; '><section class=\"av_textblock_section\"  itemscope=\"itemscope\" itemtype=\"https:\/\/schema.org\/CreativeWork\" ><div class='avia_textblock '   itemprop=\"text\" ><p><span style=\"font-weight: 400;\">mgr Marta Wies\u0142awska<\/span><\/p>\n<\/div><\/section><\/div>\n\n\n<div class=\"flex_column av_three_fourth  flex_column_div av-zero-column-padding   \" style='border-radius:0px; '><div class='avia-image-container  av-styling-   avia-align-left '  itemscope=\"itemscope\" itemtype=\"https:\/\/schema.org\/ImageObject\"  ><div class='avia-image-container-inner'><img class='avia_image ' src='https:\/\/www.napromedica.pl\/wp-content\/uploads\/2016\/08\/Wies\u0142awska-Marta-300x200.jpg' alt='' title=''   itemprop=\"contentURL\"  \/><\/div><\/div><\/div>\n\n\n<div  class='hr hr-default '><span class='hr-inner ' ><span class='hr-inner-style'><\/span><\/span><\/div>\n\n\n<section class=\"av_textblock_section\"  itemscope=\"itemscope\" itemtype=\"https:\/\/schema.org\/CreativeWork\" ><div class='avia_textblock '   itemprop=\"text\" ><p><b>Po\u0142o\u017cne<\/b><\/p>\n<\/div><\/section>\n\n\n<div class=\"flex_column av_one_fourth  flex_column_div av-zero-column-padding first  \" style='border-radius:0px; '><section class=\"av_textblock_section\"  itemscope=\"itemscope\" itemtype=\"https:\/\/schema.org\/CreativeWork\" ><div class='avia_textblock '   itemprop=\"text\" ><p><span style=\"font-weight: 400;\">mgr Katarzyna Gierasimiuk<\/span><\/p>\n<\/div><\/section><\/div>\n\n\n<div class=\"flex_column av_three_fourth  flex_column_div av-zero-column-padding   \" style='border-radius:0px; '><div class='avia-image-container  av-styling-   avia-align-left '  itemscope=\"itemscope\" itemtype=\"https:\/\/schema.org\/ImageObject\"  ><div class='avia-image-container-inner'><img class='avia_image ' src='https:\/\/www.napromedica.pl\/wp-content\/uploads\/2016\/08\/Gierasimiuk-Katarzyna-300x200.jpg' alt='' title=''   itemprop=\"contentURL\"  \/><\/div><\/div><\/div>\n\n\n<div class=\"flex_column av_one_fourth  flex_column_div av-zero-column-padding first  \" style='border-radius:0px; '><section class=\"av_textblock_section\"  itemscope=\"itemscope\" itemtype=\"https:\/\/schema.org\/CreativeWork\" ><div class='avia_textblock '   itemprop=\"text\" ><p><span style=\"font-weight: 400;\">mgr Irena Depczy\u0144ska<\/span><\/p>\n<\/div><\/section><\/div>\n\n\n<div class=\"flex_column av_three_fourth  flex_column_div av-zero-column-padding   \" style='border-radius:0px; '><div class='avia-image-container  av-styling-   avia-align-left '  itemscope=\"itemscope\" itemtype=\"https:\/\/schema.org\/ImageObject\"  ><div class='avia-image-container-inner'><img class='avia_image ' src='https:\/\/www.napromedica.pl\/wp-content\/uploads\/2016\/08\/Depczy\u0144ska-Irena-300x200.jpg' alt='' title=''   itemprop=\"contentURL\"  \/><\/div><\/div><\/div>\n\n\n<div class=\"flex_column av_one_fourth  flex_column_div av-zero-column-padding first  \" style='border-radius:0px; '><section class=\"av_textblock_section\"  itemscope=\"itemscope\" itemtype=\"https:\/\/schema.org\/CreativeWork\" ><div class='avia_textblock '   itemprop=\"text\" ><p><span style=\"font-weight: 400;\">in\u017c. Monika Rainko2<\/span><\/p>\n<\/div><\/section><\/div>\n\n\n<div class=\"flex_column av_three_fourth  flex_column_div av-zero-column-padding   \" style='border-radius:0px; '><div class='avia-image-container  av-styling-   avia-align-left '  itemscope=\"itemscope\" itemtype=\"https:\/\/schema.org\/ImageObject\"  ><div class='avia-image-container-inner'><img class='avia_image ' src='https:\/\/www.napromedica.pl\/wp-content\/uploads\/2016\/08\/Rainko-Monika-300x200.jpg' alt='' title=''   itemprop=\"contentURL\"  \/><\/div><\/div><\/div>\n","protected":false},"excerpt":{"rendered":"","protected":false},"author":5,"featured_media":0,"parent":0,"menu_order":0,"comment_status":"closed","ping_status":"closed","template":"","meta":{"footnotes":""},"class_list":["post-1134","page","type-page","status-publish","hentry"],"yoast_head":"<!-- This site is optimized with the Yoast SEO plugin v22.5 - https:\/\/yoast.com\/wordpress\/plugins\/seo\/ -->\n<title>Napromedica w Bia\u0142ymstoku | Klinika Leczenia Niep\u0142odno\u015bci<\/title>\n<meta name=\"description\" content=\"Napromedica to klinika leczenia niep\u0142odno\u015bci w Bia\u0142ymstoku. Poznaj nasz\u0105 ofert\u0119 naprotechnologii i um\u00f3w si\u0119 na wizyt\u0119 u najlepszego ginekologa.\" \/>\n<meta name=\"robots\" content=\"index, follow, max-snippet:-1, max-image-preview:large, max-video-preview:-1\" \/>\n<link rel=\"canonical\" href=\"https:\/\/www.napromedica.pl\/en\/staff\/\" \/>\n<meta property=\"og:locale\" content=\"en_US\" \/>\n<meta property=\"og:type\" content=\"article\" \/>\n<meta property=\"og:title\" content=\"Napromedica w Bia\u0142ymstoku | Klinika Leczenia Niep\u0142odno\u015bci\" \/>\n<meta property=\"og:description\" content=\"Napromedica to klinika leczenia niep\u0142odno\u015bci w Bia\u0142ymstoku. Poznaj nasz\u0105 ofert\u0119 naprotechnologii i um\u00f3w si\u0119 na wizyt\u0119 u najlepszego ginekologa.\" \/>\n<meta property=\"og:url\" content=\"https:\/\/www.napromedica.pl\/en\/staff\/\" \/>\n<meta property=\"og:site_name\" content=\"Napromedica\" \/>\n<meta property=\"article:modified_time\" content=\"2023-02-06T14:14:47+00:00\" \/>\n<meta name=\"twitter:card\" content=\"summary_large_image\" \/>\n<meta name=\"twitter:label1\" content=\"Est. reading time\" \/>\n\t<meta name=\"twitter:data1\" content=\"5 minutes\" \/>\n<script type=\"application\/ld+json\" class=\"yoast-schema-graph\">{\"@context\":\"https:\/\/schema.org\",\"@graph\":[{\"@type\":\"WebPage\",\"@id\":\"https:\/\/www.napromedica.pl\/en\/staff\/\",\"url\":\"https:\/\/www.napromedica.pl\/en\/staff\/\",\"name\":\"Napromedica w Bia\u0142ymstoku | Klinika Leczenia Niep\u0142odno\u015bci\",\"isPartOf\":{\"@id\":\"https:\/\/www.napromedica.pl\/#website\"},\"datePublished\":\"2016-04-11T13:43:06+00:00\",\"dateModified\":\"2023-02-06T14:14:47+00:00\",\"description\":\"Napromedica to klinika leczenia niep\u0142odno\u015bci w Bia\u0142ymstoku. Poznaj nasz\u0105 ofert\u0119 naprotechnologii i um\u00f3w si\u0119 na wizyt\u0119 u najlepszego ginekologa.\",\"breadcrumb\":{\"@id\":\"https:\/\/www.napromedica.pl\/en\/staff\/#breadcrumb\"},\"inLanguage\":\"en-US\",\"potentialAction\":[{\"@type\":\"ReadAction\",\"target\":[\"https:\/\/www.napromedica.pl\/en\/staff\/\"]}]},{\"@type\":\"BreadcrumbList\",\"@id\":\"https:\/\/www.napromedica.pl\/en\/staff\/#breadcrumb\",\"itemListElement\":[{\"@type\":\"ListItem\",\"position\":1,\"name\":\"Strona g\u0142\u00f3wna\",\"item\":\"https:\/\/www.napromedica.pl\/en\/\"},{\"@type\":\"ListItem\",\"position\":2,\"name\":\"Staff\"}]},{\"@type\":\"WebSite\",\"@id\":\"https:\/\/www.napromedica.pl\/#website\",\"url\":\"https:\/\/www.napromedica.pl\/\",\"name\":\"Napromedica\",\"description\":\"Napromedica\",\"potentialAction\":[{\"@type\":\"SearchAction\",\"target\":{\"@type\":\"EntryPoint\",\"urlTemplate\":\"https:\/\/www.napromedica.pl\/?s={search_term_string}\"},\"query-input\":\"required name=search_term_string\"}],\"inLanguage\":\"en-US\"}]}<\/script>\n<!-- \/ Yoast SEO plugin. -->","yoast_head_json":{"title":"Napromedica w Bia\u0142ymstoku | Klinika Leczenia Niep\u0142odno\u015bci","description":"Napromedica to klinika leczenia niep\u0142odno\u015bci w Bia\u0142ymstoku. Poznaj nasz\u0105 ofert\u0119 naprotechnologii i um\u00f3w si\u0119 na wizyt\u0119 u najlepszego ginekologa.","robots":{"index":"index","follow":"follow","max-snippet":"max-snippet:-1","max-image-preview":"max-image-preview:large","max-video-preview":"max-video-preview:-1"},"canonical":"https:\/\/www.napromedica.pl\/en\/staff\/","og_locale":"en_US","og_type":"article","og_title":"Napromedica w Bia\u0142ymstoku | Klinika Leczenia Niep\u0142odno\u015bci","og_description":"Napromedica to klinika leczenia niep\u0142odno\u015bci w Bia\u0142ymstoku. Poznaj nasz\u0105 ofert\u0119 naprotechnologii i um\u00f3w si\u0119 na wizyt\u0119 u najlepszego ginekologa.","og_url":"https:\/\/www.napromedica.pl\/en\/staff\/","og_site_name":"Napromedica","article_modified_time":"2023-02-06T14:14:47+00:00","twitter_card":"summary_large_image","twitter_misc":{"Est. reading time":"5 minutes"},"schema":{"@context":"https:\/\/schema.org","@graph":[{"@type":"WebPage","@id":"https:\/\/www.napromedica.pl\/en\/staff\/","url":"https:\/\/www.napromedica.pl\/en\/staff\/","name":"Napromedica w Bia\u0142ymstoku | Klinika Leczenia Niep\u0142odno\u015bci","isPartOf":{"@id":"https:\/\/www.napromedica.pl\/#website"},"datePublished":"2016-04-11T13:43:06+00:00","dateModified":"2023-02-06T14:14:47+00:00","description":"Napromedica to klinika leczenia niep\u0142odno\u015bci w Bia\u0142ymstoku. Poznaj nasz\u0105 ofert\u0119 naprotechnologii i um\u00f3w si\u0119 na wizyt\u0119 u najlepszego ginekologa.","breadcrumb":{"@id":"https:\/\/www.napromedica.pl\/en\/staff\/#breadcrumb"},"inLanguage":"en-US","potentialAction":[{"@type":"ReadAction","target":["https:\/\/www.napromedica.pl\/en\/staff\/"]}]},{"@type":"BreadcrumbList","@id":"https:\/\/www.napromedica.pl\/en\/staff\/#breadcrumb","itemListElement":[{"@type":"ListItem","position":1,"name":"Strona g\u0142\u00f3wna","item":"https:\/\/www.napromedica.pl\/en\/"},{"@type":"ListItem","position":2,"name":"Staff"}]},{"@type":"WebSite","@id":"https:\/\/www.napromedica.pl\/#website","url":"https:\/\/www.napromedica.pl\/","name":"Napromedica","description":"Napromedica","potentialAction":[{"@type":"SearchAction","target":{"@type":"EntryPoint","urlTemplate":"https:\/\/www.napromedica.pl\/?s={search_term_string}"},"query-input":"required name=search_term_string"}],"inLanguage":"en-US"}]}},"_links":{"self":[{"href":"https:\/\/www.napromedica.pl\/en\/wp-json\/wp\/v2\/pages\/1134","targetHints":{"allow":["GET"]}}],"collection":[{"href":"https:\/\/www.napromedica.pl\/en\/wp-json\/wp\/v2\/pages"}],"about":[{"href":"https:\/\/www.napromedica.pl\/en\/wp-json\/wp\/v2\/types\/page"}],"author":[{"embeddable":true,"href":"https:\/\/www.napromedica.pl\/en\/wp-json\/wp\/v2\/users\/5"}],"replies":[{"embeddable":true,"href":"https:\/\/www.napromedica.pl\/en\/wp-json\/wp\/v2\/comments?post=1134"}],"version-history":[{"count":2,"href":"https:\/\/www.napromedica.pl\/en\/wp-json\/wp\/v2\/pages\/1134\/revisions"}],"predecessor-version":[{"id":1139,"href":"https:\/\/www.napromedica.pl\/en\/wp-json\/wp\/v2\/pages\/1134\/revisions\/1139"}],"wp:attachment":[{"href":"https:\/\/www.napromedica.pl\/en\/wp-json\/wp\/v2\/media?parent=1134"}],"curies":[{"name":"wp","href":"https:\/\/api.w.org\/{rel}","templated":true}]}}